{"id":7598,"date":"2025-01-23T11:17:35","date_gmt":"2025-01-23T16:17:35","guid":{"rendered":"https:\/\/fundacioncactusazul.org\/FITIJ\/?page_id=7598"},"modified":"2025-02-14T11:36:14","modified_gmt":"2025-02-14T16:36:14","slug":"zaydum-choez","status":"publish","type":"page","link":"https:\/\/fundacioncactusazul.org\/FITIJ\/zaydum-choez\/","title":{"rendered":"Zaydum Ch\u00f3ez"},"content":{"rendered":"\t\t<div data-elementor-type=\"wp-page\" data-elementor-id=\"7598\" class=\"elementor elementor-7598\">\n\t\t\t\t\t\t<section class=\"elementor-section elementor-top-section elementor-element elementor-element-e515d27 elementor-section-boxed elementor-section-height-default elementor-section-height-default\" data-id=\"e515d27\" data-element_type=\"section\">\n\t\t\t\t\t\t<div class=\"elementor-container elementor-column-gap-default\">\n\t\t\t\t\t<div class=\"elementor-column elementor-col-100 elementor-top-column elementor-element elementor-element-dc5c234\" data-id=\"dc5c234\" data-element_type=\"column\">\n\t\t\t<div class=\"elementor-widget-wrap elementor-element-populated\">\n\t\t\t\t\t\t<div class=\"elementor-element elementor-element-8dbab80 elementor-widget elementor-widget-heading\" data-id=\"8dbab80\" data-element_type=\"widget\" data-widget_type=\"heading.default\">\n\t\t\t\t<div class=\"elementor-widget-container\">\n\t\t\t\t\t<h2 class=\"elementor-heading-title elementor-size-default\">ZAYDUN CH\u00d3EZ<\/h2>\t\t\t\t<\/div>\n\t\t\t\t<\/div>\n\t\t\t\t\t<\/div>\n\t\t<\/div>\n\t\t\t\t\t<\/div>\n\t\t<\/section>\n\t\t\t\t<section class=\"elementor-section elementor-top-section elementor-element elementor-element-4b6760c elementor-section-boxed elementor-section-height-default elementor-section-height-default\" data-id=\"4b6760c\" data-element_type=\"section\">\n\t\t\t\t\t\t<div class=\"elementor-container elementor-column-gap-default\">\n\t\t\t\t\t<div class=\"elementor-column elementor-col-100 elementor-top-column elementor-element elementor-element-131e0d0\" data-id=\"131e0d0\" data-element_type=\"column\">\n\t\t\t<div class=\"elementor-widget-wrap elementor-element-populated\">\n\t\t\t\t\t\t<div class=\"elementor-element elementor-element-2c2dce5 elementor-widget elementor-widget-wpzoom-elementor-addons-carousel\" data-id=\"2c2dce5\" data-element_type=\"widget\" data-settings=\"{&quot;slides_to_show&quot;:&quot;4&quot;,&quot;animation_speed&quot;:300,&quot;autoplay&quot;:&quot;yes&quot;,&quot;autoplay_speed&quot;:3000,&quot;loop&quot;:&quot;yes&quot;,&quot;navigation&quot;:&quot;arrow&quot;,&quot;slides_to_show_tablet&quot;:3,&quot;slides_to_show_mobile&quot;:2}\" data-widget_type=\"wpzoom-elementor-addons-carousel.default\">\n\t\t\t\t<div class=\"elementor-widget-container\">\n\t\t\t\t\t<div class=\"wpzjs-slick wpz-slick wpz-slick--carousel\">\n\n\t\t\t\n\t\t\t\t<div class=\"wpz-slick-slide\">\n\t\t\t\t\t<div class=\"wpz-slick-item\">\n\t\t\t\t\t\t\t\t\t\t\t\t\t<img decoding=\"async\" class=\"wpz-slick-img\" src=\"https:\/\/fundacioncactusazul.org\/FITIJ\/wp-content\/uploads\/2021\/10\/3435-150x150.jpg\" alt=\"\">\n\t\t\t\t\t\t\n\t\t\t\t\t\t\t\t\t\t\t<\/div>\n\t\t\t\t<\/div>\n\n\t\t\t\n\t\t\t\t<div class=\"wpz-slick-slide\">\n\t\t\t\t\t<div class=\"wpz-slick-item\">\n\t\t\t\t\t\t\t\t\t\t\t\t\t<img decoding=\"async\" class=\"wpz-slick-img\" src=\"https:\/\/fundacioncactusazul.org\/FITIJ\/wp-content\/uploads\/2019\/08\/MG_4971-150x150.jpg\" alt=\"\">\n\t\t\t\t\t\t\n\t\t\t\t\t\t\t\t\t\t\t<\/div>\n\t\t\t\t<\/div>\n\n\t\t\t\n\t\t\t\t<div class=\"wpz-slick-slide\">\n\t\t\t\t\t<div class=\"wpz-slick-item\">\n\t\t\t\t\t\t\t\t\t\t\t\t\t<img decoding=\"async\" class=\"wpz-slick-img\" src=\"https:\/\/fundacioncactusazul.org\/FITIJ\/wp-content\/uploads\/2020\/06\/tragasuen\u0303o-150x150.jpg\" alt=\"\">\n\t\t\t\t\t\t\n\t\t\t\t\t\t\t\t\t\t\t<\/div>\n\t\t\t\t<\/div>\n\n\t\t\t\n\t\t\t\t<div class=\"wpz-slick-slide\">\n\t\t\t\t\t<div class=\"wpz-slick-item\">\n\t\t\t\t\t\t\t\t\t\t\t\t\t<img decoding=\"async\" class=\"wpz-slick-img\" src=\"https:\/\/fundacioncactusazul.org\/FITIJ\/wp-content\/uploads\/2020\/06\/turbulencias-1-150x150.jpg\" alt=\"\">\n\t\t\t\t\t\t\n\t\t\t\t\t\t\t\t\t\t\t<\/div>\n\t\t\t\t<\/div>\n\n\t\t\t\n\t\t\t\t<div class=\"wpz-slick-slide\">\n\t\t\t\t\t<div class=\"wpz-slick-item\">\n\t\t\t\t\t\t\t\t\t\t\t\t\t<img decoding=\"async\" class=\"wpz-slick-img\" src=\"https:\/\/fundacioncactusazul.org\/FITIJ\/wp-content\/uploads\/2020\/06\/fotodisen\u0303o2019-150x150.png\" alt=\"\">\n\t\t\t\t\t\t\n\t\t\t\t\t\t\t\t\t\t\t<\/div>\n\t\t\t\t<\/div>\n\n\t\t\t\n\t\t\t\t<div class=\"wpz-slick-slide\">\n\t\t\t\t\t<div class=\"wpz-slick-item\">\n\t\t\t\t\t\t\t\t\t\t\t\t\t<img decoding=\"async\" class=\"wpz-slick-img\" src=\"https:\/\/fundacioncactusazul.org\/FITIJ\/wp-content\/uploads\/2020\/06\/elgranconcursodepasteles-150x150.jpg\" alt=\"\">\n\t\t\t\t\t\t\n\t\t\t\t\t\t\t\t\t\t\t<\/div>\n\t\t\t\t<\/div>\n\n\t\t\t\n\t\t\t\t<div class=\"wpz-slick-slide\">\n\t\t\t\t\t<div class=\"wpz-slick-item\">\n\t\t\t\t\t\t\t\t\t\t\t\t\t<img decoding=\"async\" class=\"wpz-slick-img\" src=\"https:\/\/fundacioncactusazul.org\/FITIJ\/wp-content\/uploads\/2020\/06\/cuentos-de-arriba-6-150x150.png\" alt=\"\">\n\t\t\t\t\t\t\n\t\t\t\t\t\t\t\t\t\t\t<\/div>\n\t\t\t\t<\/div>\n\n\t\t\t\n\t\t\t\t<div class=\"wpz-slick-slide\">\n\t\t\t\t\t<div class=\"wpz-slick-item\">\n\t\t\t\t\t\t\t\t\t\t\t\t\t<img decoding=\"async\" class=\"wpz-slick-img\" src=\"https:\/\/fundacioncactusazul.org\/FITIJ\/wp-content\/uploads\/2020\/06\/la-lagartija-esther-2-150x150.png\" alt=\"\">\n\t\t\t\t\t\t\n\t\t\t\t\t\t\t\t\t\t\t<\/div>\n\t\t\t\t<\/div>\n\n\t\t\t\n\t\t<\/div>\n\n\t\t\t\t\t<button type=\"button\" class=\"slick-prev\"><i aria-hidden=\"true\" class=\"fas fa-chevron-left\"><\/i><\/button>\n\t\t\n\t\t\t\t\t<button type=\"button\" class=\"slick-next\"><i aria-hidden=\"true\" class=\"fas fa-chevron-right\"><\/i><\/button>\n\t\t\n\t\t\t\t\t\t<\/div>\n\t\t\t\t<\/div>\n\t\t\t\t\t<\/div>\n\t\t<\/div>\n\t\t\t\t\t<\/div>\n\t\t<\/section>\n\t\t\t\t<section class=\"elementor-section elementor-top-section elementor-element elementor-element-1f6a089 elementor-section-boxed elementor-section-height-default elementor-section-height-default\" data-id=\"1f6a089\" data-element_type=\"section\">\n\t\t\t\t\t\t<div class=\"elementor-container elementor-column-gap-default\">\n\t\t\t\t\t<div class=\"elementor-column elementor-col-100 elementor-top-column elementor-element elementor-element-809a476\" data-id=\"809a476\" data-element_type=\"column\">\n\t\t\t<div class=\"elementor-widget-wrap elementor-element-populated\">\n\t\t\t\t\t\t<div class=\"elementor-element elementor-element-2ea25f3 elementor-widget elementor-widget-spacer\" data-id=\"2ea25f3\" data-element_type=\"widget\" data-widget_type=\"spacer.default\">\n\t\t\t\t<div class=\"elementor-widget-container\">\n\t\t\t\t\t\t\t<div class=\"elementor-spacer\">\n\t\t\t<div class=\"elementor-spacer-inner\"><\/div>\n\t\t<\/div>\n\t\t\t\t\t\t<\/div>\n\t\t\t\t<\/div>\n\t\t\t\t\t<\/div>\n\t\t<\/div>\n\t\t\t\t\t<\/div>\n\t\t<\/section>\n\t\t\t\t<section class=\"elementor-section elementor-top-section elementor-element elementor-element-78f9b0c elementor-section-boxed elementor-section-height-default elementor-section-height-default\" data-id=\"78f9b0c\" data-element_type=\"section\">\n\t\t\t\t\t\t<div class=\"elementor-container elementor-column-gap-default\">\n\t\t\t\t\t<div class=\"elementor-column elementor-col-100 elementor-top-column elementor-element elementor-element-cded4fa\" data-id=\"cded4fa\" data-element_type=\"column\">\n\t\t\t<div class=\"elementor-widget-wrap elementor-element-populated\">\n\t\t\t\t\t\t<div class=\"elementor-element elementor-element-e489fff elementor-widget elementor-widget-text-editor\" data-id=\"e489fff\" data-element_type=\"widget\" data-widget_type=\"text-editor.default\">\n\t\t\t\t<div class=\"elementor-widget-container\">\n\t\t\t\t\t\t\t\t\t<p>Ben Zaydum Dario Cho\u00e9z Espinosa es un artista multidisciplinario ecuatoriano especializado en teatro, narraci\u00f3n oral y direcci\u00f3n teatral. Su formaci\u00f3n acad\u00e9mica incluye una Maestr\u00eda en Estudios Culturales y Artes Visuales (MUECA), una Maestr\u00eda en Estudios Avanzados de Teatro (Universidad Internacional de La Rioja) y una Licenciatura en Actuaci\u00f3n Teatral (Universidad Central del Ecuador). Adem\u00e1s, ha realizado estudios de posgrado en el 17 Instituto de Estudios Cr\u00edticos (M\u00e9xico), la UBA y FLACSO (Argentina).<\/p><p>Complementando su formaci\u00f3n acad\u00e9mica, ha participado en numerosos talleres con reconocidos maestros de la escena teatral nacional e internacional. Ha desarrollado diversos proyectos culturales, como el Festival Internacional de Teatro para la Infancia y la Juventud FITIJ \u00abGuaguas de Ma\u00edz\u00bb, <em>Vientos de Alegr\u00eda<\/em> y <em>Vamos al Teatro Guambras<\/em>, centrados en la mediaci\u00f3n teatral con ni\u00f1as y ni\u00f1os en situaci\u00f3n de vulnerabilidad.<\/p><p>Como director y dramaturgo, ha destacado con obras como <em>\u00bfD\u00f3nde est\u00e1 tu ni\u00f1o?<\/em>, <em>Turbulencias<\/em>, <em>Mirada perif\u00e9rica del 2+1=-1<\/em>, <em>EDIPO \/ CUERPO<\/em>, <em>El \u00e1rbol no me olvides<\/em> y <em>Tragasue\u00f1os<\/em>, entre otras.<\/p><p>Ha participado como ponente en festivales y conferencias en Am\u00e9rica Latina y Europa. Su compromiso con la formaci\u00f3n y la capacitaci\u00f3n se refleja en su labor como instructor en teatro y narraci\u00f3n oral.<\/p>\t\t\t\t\t\t\t\t<\/div>\n\t\t\t\t<\/div>\n\t\t\t\t\t<\/div>\n\t\t<\/div>\n\t\t\t\t\t<\/div>\n\t\t<\/section>\n\t\t\t\t<\/div>\n\t\t","protected":false},"excerpt":{"rendered":"<p>ZAYDUN CH\u00d3EZ Ben Zaydum Dario Cho\u00e9z Espinosa es un artista multidisciplinario ecuatoriano especializado en teatro, narraci\u00f3n oral y direcci\u00f3n teatral. Su formaci\u00f3n acad\u00e9mica incluye una Maestr\u00eda en Estudios Culturales y Artes Visuales (MUECA), una Maestr\u00eda en Estudios Avanzados de Teatro (Universidad Internacional de La Rioja) y una Licenciatura en Actuaci\u00f3n Teatral (Universidad Central del Ecuador). &hellip; <\/p>\n<p class=\"link-more\"><a href=\"https:\/\/fundacioncactusazul.org\/FITIJ\/zaydum-choez\/\" class=\"more-link\">Leer m\u00e1s<span class=\"screen-reader-text\"> \u00abZaydum Ch\u00f3ez\u00bb<\/span><\/a><\/p>\n","protected":false},"author":1,"featured_media":0,"parent":0,"menu_order":0,"comment_status":"closed","ping_status":"closed","template":"","meta":{"footnotes":"","_links_to":"","_links_to_target":""},"class_list":["post-7598","page","type-page","status-publish","hentry"],"_links":{"self":[{"href":"https:\/\/fundacioncactusazul.org\/FITIJ\/wp-json\/wp\/v2\/pages\/7598","targetHints":{"allow":["GET"]}}],"collection":[{"href":"https:\/\/fundacioncactusazul.org\/FITIJ\/wp-json\/wp\/v2\/pages"}],"about":[{"href":"https:\/\/fundacioncactusazul.org\/FITIJ\/wp-json\/wp\/v2\/types\/page"}],"author":[{"embeddable":true,"href":"https:\/\/fundacioncactusazul.org\/FITIJ\/wp-json\/wp\/v2\/users\/1"}],"replies":[{"embeddable":true,"href":"https:\/\/fundacioncactusazul.org\/FITIJ\/wp-json\/wp\/v2\/comments?post=7598"}],"version-history":[{"count":39,"href":"https:\/\/fundacioncactusazul.org\/FITIJ\/wp-json\/wp\/v2\/pages\/7598\/revisions"}],"predecessor-version":[{"id":8168,"href":"https:\/\/fundacioncactusazul.org\/FITIJ\/wp-json\/wp\/v2\/pages\/7598\/revisions\/8168"}],"wp:attachment":[{"href":"https:\/\/fundacioncactusazul.org\/FITIJ\/wp-json\/wp\/v2\/media?parent=7598"}],"curies":[{"name":"wp","href":"https:\/\/api.w.org\/{rel}","templated":true}]}}