{"id":2192,"date":"2020-06-16T20:07:58","date_gmt":"2020-06-16T20:07:58","guid":{"rendered":"https:\/\/fundacioncactusazul.org\/FITIJ\/?page_id=2192"},"modified":"2025-02-04T12:27:11","modified_gmt":"2025-02-04T17:27:11","slug":"la-lagartija-esther-3","status":"publish","type":"page","link":"https:\/\/fundacioncactusazul.org\/FITIJ\/la-lagartija-esther-3\/","title":{"rendered":"LA LAGARTIJA ESTHER"},"content":{"rendered":"\t\t<div data-elementor-type=\"wp-post\" data-elementor-id=\"2192\" class=\"elementor elementor-2192\">\n\t\t\t\t\t\t<section class=\"elementor-section elementor-top-section elementor-element elementor-element-8f81505 elementor-section-boxed elementor-section-height-default elementor-section-height-default\" data-id=\"8f81505\" data-element_type=\"section\">\n\t\t\t\t\t\t<div class=\"elementor-container elementor-column-gap-default\">\n\t\t\t\t\t<div class=\"elementor-column elementor-col-100 elementor-top-column elementor-element elementor-element-3ed02a6\" data-id=\"3ed02a6\" data-element_type=\"column\">\n\t\t\t<div class=\"elementor-widget-wrap elementor-element-populated\">\n\t\t\t\t\t\t<div class=\"elementor-element elementor-element-6e7716d elementor-widget elementor-widget-image\" data-id=\"6e7716d\" data-element_type=\"widget\" data-widget_type=\"image.default\">\n\t\t\t\t<div class=\"elementor-widget-container\">\n\t\t\t\t\t\t\t\t\t\t\t\t\t\t\t<img fetchpriority=\"high\" decoding=\"async\" width=\"950\" height=\"139\" src=\"https:\/\/fundacioncactusazul.org\/FITIJ\/wp-content\/uploads\/2020\/06\/la-lagartija-esther-1024x150.png\" class=\"attachment-large size-large wp-image-2317\" alt=\"\" srcset=\"https:\/\/fundacioncactusazul.org\/FITIJ\/wp-content\/uploads\/2020\/06\/la-lagartija-esther.png 1024w, https:\/\/fundacioncactusazul.org\/FITIJ\/wp-content\/uploads\/2020\/06\/la-lagartija-esther-300x44.png 300w, https:\/\/fundacioncactusazul.org\/FITIJ\/wp-content\/uploads\/2020\/06\/la-lagartija-esther-768x113.png 768w\" sizes=\"100vw\" \/>\t\t\t\t\t\t\t\t\t\t\t\t\t\t\t<\/div>\n\t\t\t\t<\/div>\n\t\t\t\t\t<\/div>\n\t\t<\/div>\n\t\t\t\t\t<\/div>\n\t\t<\/section>\n\t\t\t\t<section class=\"elementor-section elementor-top-section elementor-element elementor-element-4c79ade elementor-section-boxed elementor-section-height-default elementor-section-height-default\" data-id=\"4c79ade\" data-element_type=\"section\">\n\t\t\t\t\t\t<div class=\"elementor-container elementor-column-gap-default\">\n\t\t\t\t\t<div class=\"elementor-column elementor-col-33 elementor-top-column elementor-element elementor-element-8e9206a\" data-id=\"8e9206a\" data-element_type=\"column\">\n\t\t\t<div class=\"elementor-widget-wrap elementor-element-populated\">\n\t\t\t\t\t\t<div class=\"elementor-element elementor-element-4633a24 elementor-widget elementor-widget-text-editor\" data-id=\"4633a24\" data-element_type=\"widget\" data-widget_type=\"text-editor.default\">\n\t\t\t\t<div class=\"elementor-widget-container\">\n\t\t\t\t\t\t\t\t\t<p class=\"p1\" style=\"margin-bottom: 0px; font-variant-numeric: normal; font-variant-east-asian: normal; font-stretch: normal; font-size: 12px; line-height: normal; font-family: 'Helvetica Neue'; color: #454545;\"><strong><span style=\"font-size: 14pt;\">LA LAGARTIJA ESTHER<\/span><\/strong><\/p><p class=\"p1\" style=\"margin-bottom: 0px; font-variant-numeric: normal; font-variant-east-asian: normal; font-stretch: normal; font-size: 12px; line-height: normal; font-family: 'Helvetica Neue'; color: #454545;\"><span style=\"font-size: 14pt;\"><strong>\u00a0<\/strong><\/span><\/p><p class=\"p1\" style=\"margin-bottom: 0px; font-variant-numeric: normal; font-variant-east-asian: normal; font-stretch: normal; font-size: 12px; line-height: normal; font-family: 'Helvetica Neue'; color: #454545;\"><span style=\"font-size: 14pt;\"><strong>SIN\u00d3PSIS<\/strong>. Ester, es una peque\u00f1a lagartija morada de 10 cent\u00edmetros de largo, sobre su lomo, adorn\u00e1ndola sim\u00e9tricamente, unas hermosas y visibles manchas color tomates forman un hermoso campo florido, en el centro de aquellos figuras un peque\u00f1o punto blanco, regalo hecho por el gran creador le da su toque misterioso y espiritual. Al parecer Esther<span class=\"Apple-converted-space\">\u00a0 <\/span>es la \u00fanica de su especie y antes de que se extinga he decidido ir en b\u00fasqueda de su lugar de origen , en esta b\u00fasqueda se ir\u00e1n narrando varias historias, que tal vez nos acerquen hacia el lugar donde vive Esther .<\/span><\/p><p class=\"p2\" style=\"margin-bottom: 0px; font-variant-numeric: normal; font-variant-east-asian: normal; font-stretch: normal; font-size: 12px; line-height: normal; font-family: 'Helvetica Neue'; color: #454545; min-height: 14px;\">\u00a0<\/p>\t\t\t\t\t\t\t\t<\/div>\n\t\t\t\t<\/div>\n\t\t\t\t\t<\/div>\n\t\t<\/div>\n\t\t\t\t<div class=\"elementor-column elementor-col-33 elementor-top-column elementor-element elementor-element-95fd6c1\" data-id=\"95fd6c1\" data-element_type=\"column\">\n\t\t\t<div class=\"elementor-widget-wrap elementor-element-populated\">\n\t\t\t\t\t\t<div class=\"elementor-element elementor-element-31bacba elementor-widget elementor-widget-image\" data-id=\"31bacba\" data-element_type=\"widget\" data-widget_type=\"image.default\">\n\t\t\t\t<div class=\"elementor-widget-container\">\n\t\t\t\t\t\t\t\t\t\t\t\t\t\t\t<img decoding=\"async\" width=\"341\" height=\"600\" src=\"https:\/\/fundacioncactusazul.org\/FITIJ\/wp-content\/uploads\/2020\/06\/la-lagartija-esther-1.png\" class=\"attachment-large size-large wp-image-2319\" alt=\"\" srcset=\"https:\/\/fundacioncactusazul.org\/FITIJ\/wp-content\/uploads\/2020\/06\/la-lagartija-esther-1.png 341w, https:\/\/fundacioncactusazul.org\/FITIJ\/wp-content\/uploads\/2020\/06\/la-lagartija-esther-1-171x300.png 171w\" sizes=\"100vw\" \/>\t\t\t\t\t\t\t\t\t\t\t\t\t\t\t<\/div>\n\t\t\t\t<\/div>\n\t\t\t\t\t<\/div>\n\t\t<\/div>\n\t\t\t\t<div class=\"elementor-column elementor-col-33 elementor-top-column elementor-element elementor-element-2ef7c46\" data-id=\"2ef7c46\" data-element_type=\"column\">\n\t\t\t<div class=\"elementor-widget-wrap elementor-element-populated\">\n\t\t\t\t\t\t<div class=\"elementor-element elementor-element-940b589 elementor-widget elementor-widget-image\" data-id=\"940b589\" data-element_type=\"widget\" data-widget_type=\"image.default\">\n\t\t\t\t<div class=\"elementor-widget-container\">\n\t\t\t\t\t\t\t\t\t\t\t\t\t\t\t<img decoding=\"async\" width=\"341\" height=\"600\" src=\"https:\/\/fundacioncactusazul.org\/FITIJ\/wp-content\/uploads\/2020\/06\/la-lagartija-esther-2.png\" class=\"attachment-large size-large wp-image-2320\" alt=\"\" srcset=\"https:\/\/fundacioncactusazul.org\/FITIJ\/wp-content\/uploads\/2020\/06\/la-lagartija-esther-2.png 341w, https:\/\/fundacioncactusazul.org\/FITIJ\/wp-content\/uploads\/2020\/06\/la-lagartija-esther-2-171x300.png 171w\" sizes=\"100vw\" \/>\t\t\t\t\t\t\t\t\t\t\t\t\t\t\t<\/div>\n\t\t\t\t<\/div>\n\t\t\t\t\t<\/div>\n\t\t<\/div>\n\t\t\t\t\t<\/div>\n\t\t<\/section>\n\t\t\t\t<section class=\"elementor-section elementor-top-section elementor-element elementor-element-303b7f6 elementor-section-boxed elementor-section-height-default elementor-section-height-default\" data-id=\"303b7f6\" data-element_type=\"section\">\n\t\t\t\t\t\t<div class=\"elementor-container elementor-column-gap-default\">\n\t\t\t\t\t<div class=\"elementor-column elementor-col-100 elementor-top-column elementor-element elementor-element-f8c1e71\" data-id=\"f8c1e71\" data-element_type=\"column\">\n\t\t\t<div class=\"elementor-widget-wrap\">\n\t\t\t\t\t\t\t<\/div>\n\t\t<\/div>\n\t\t\t\t\t<\/div>\n\t\t<\/section>\n\t\t\t\t<section class=\"elementor-section elementor-top-section elementor-element elementor-element-0c9f995 elementor-section-boxed elementor-section-height-default elementor-section-height-default\" data-id=\"0c9f995\" data-element_type=\"section\">\n\t\t\t\t\t\t<div class=\"elementor-container elementor-column-gap-default\">\n\t\t\t\t\t<div class=\"elementor-column elementor-col-50 elementor-top-column elementor-element elementor-element-4506389\" data-id=\"4506389\" data-element_type=\"column\">\n\t\t\t<div class=\"elementor-widget-wrap elementor-element-populated\">\n\t\t\t\t\t\t<div class=\"elementor-element elementor-element-cc52e72 elementor-widget elementor-widget-image\" data-id=\"cc52e72\" data-element_type=\"widget\" data-widget_type=\"image.default\">\n\t\t\t\t<div class=\"elementor-widget-container\">\n\t\t\t\t\t\t\t\t\t\t\t\t\t\t\t<img loading=\"lazy\" decoding=\"async\" width=\"512\" height=\"200\" src=\"https:\/\/fundacioncactusazul.org\/FITIJ\/wp-content\/uploads\/2020\/06\/la-lagartija-esther-3.png\" class=\"attachment-large size-large wp-image-2323\" alt=\"\" srcset=\"https:\/\/fundacioncactusazul.org\/FITIJ\/wp-content\/uploads\/2020\/06\/la-lagartija-esther-3.png 512w, https:\/\/fundacioncactusazul.org\/FITIJ\/wp-content\/uploads\/2020\/06\/la-lagartija-esther-3-300x117.png 300w\" sizes=\"100vw\" \/>\t\t\t\t\t\t\t\t\t\t\t\t\t\t\t<\/div>\n\t\t\t\t<\/div>\n\t\t\t\t\t<\/div>\n\t\t<\/div>\n\t\t\t\t<div class=\"elementor-column elementor-col-50 elementor-top-column elementor-element elementor-element-e39483c\" data-id=\"e39483c\" data-element_type=\"column\">\n\t\t\t<div class=\"elementor-widget-wrap elementor-element-populated\">\n\t\t\t\t\t\t<div class=\"elementor-element elementor-element-7927b32 elementor-widget elementor-widget-text-editor\" data-id=\"7927b32\" data-element_type=\"widget\" data-widget_type=\"text-editor.default\">\n\t\t\t\t<div class=\"elementor-widget-container\">\n\t\t\t\t\t\t\t\t\t<p class=\"p1\" style=\"margin-bottom: 0px; font-variant-numeric: normal; font-variant-east-asian: normal; font-stretch: normal; font-size: 12px; line-height: normal; font-family: 'Helvetica Neue'; color: #454545;\"><span style=\"font-size: 12pt;\"><b>FICHA ARTISTICA<\/b><\/span><\/p><p class=\"p1\" style=\"margin-bottom: 0px; font-variant-numeric: normal; font-variant-east-asian: normal; font-stretch: normal; font-size: 12px; line-height: normal; font-family: 'Helvetica Neue'; color: #454545;\"><span style=\"font-size: 12pt;\"><b>GUI\u00d3N::<\/b> Zaydum Ch\u00f3ez Espinosa sobre mitos de Abya-Yala<\/span><\/p><p class=\"p1\" style=\"margin-bottom: 0px; font-variant-numeric: normal; font-variant-east-asian: normal; font-stretch: normal; font-size: 12px; line-height: normal; font-family: 'Helvetica Neue'; color: #454545;\"><span style=\"font-size: 12pt;\"><b>NARRADOR:<\/b> Zaydum Ch\u00f3ez Espinosa<\/span><\/p><p class=\"p1\" style=\"margin-bottom: 0px; font-variant-numeric: normal; font-variant-east-asian: normal; font-stretch: normal; font-size: 12px; line-height: normal; font-family: 'Helvetica Neue'; color: #454545;\"><span style=\"font-size: 12pt;\"><b>UTILERIA Y VESTUARIO<\/b>:<span class=\"Apple-converted-space\">\u00a0 <\/span>Zaydum Ch\u00f3ez<\/span><\/p><p class=\"p1\" style=\"margin-bottom: 0px; font-variant-numeric: normal; font-variant-east-asian: normal; font-stretch: normal; font-size: 12px; line-height: normal; font-family: 'Helvetica Neue'; color: #454545;\"><span style=\"font-size: 12pt;\"><b>ILUMINACI\u00d3N:<\/b> Camilo Ch\u00f3ez \/ Mafer Borja<\/span><\/p><p class=\"p1\" style=\"margin-bottom: 0px; font-variant-numeric: normal; font-variant-east-asian: normal; font-stretch: normal; font-size: 12px; line-height: normal; font-family: 'Helvetica Neue'; color: #454545;\"><span style=\"font-size: 12pt;\"><b>DISE\u00d1O GR\u00c1FICO: taller Azul<\/b><\/span><\/p><p class=\"p1\" style=\"margin-bottom: 0px; font-variant-numeric: normal; font-variant-east-asian: normal; font-stretch: normal; font-size: 12px; line-height: normal; font-family: 'Helvetica Neue'; color: #454545;\"><span style=\"font-size: 12pt;\"><b>DIRECCI\u00d3N:<\/b> Zaydum Ch\u00f3ez<\/span><\/p>\t\t\t\t\t\t\t\t<\/div>\n\t\t\t\t<\/div>\n\t\t\t\t\t<\/div>\n\t\t<\/div>\n\t\t\t\t\t<\/div>\n\t\t<\/section>\n\t\t\t\t<section class=\"elementor-section elementor-top-section elementor-element elementor-element-8d82b93 elementor-section-boxed elementor-section-height-default elementor-section-height-default\" data-id=\"8d82b93\" data-element_type=\"section\">\n\t\t\t\t\t\t<div class=\"elementor-container elementor-column-gap-default\">\n\t\t\t\t\t<div class=\"elementor-column elementor-col-100 elementor-top-column elementor-element elementor-element-218c0dd\" data-id=\"218c0dd\" data-element_type=\"column\">\n\t\t\t<div class=\"elementor-widget-wrap\">\n\t\t\t\t\t\t\t<\/div>\n\t\t<\/div>\n\t\t\t\t\t<\/div>\n\t\t<\/section>\n\t\t\t\t<section class=\"elementor-section elementor-top-section elementor-element elementor-element-6ab5ae4 elementor-section-boxed elementor-section-height-default elementor-section-height-default\" data-id=\"6ab5ae4\" data-element_type=\"section\">\n\t\t\t\t\t\t<div class=\"elementor-container elementor-column-gap-default\">\n\t\t\t\t\t<div class=\"elementor-column elementor-col-33 elementor-top-column elementor-element elementor-element-ca2d74c\" data-id=\"ca2d74c\" data-element_type=\"column\">\n\t\t\t<div class=\"elementor-widget-wrap elementor-element-populated\">\n\t\t\t\t\t\t<div class=\"elementor-element elementor-element-0819b5c elementor-widget elementor-widget-text-editor\" data-id=\"0819b5c\" data-element_type=\"widget\" data-widget_type=\"text-editor.default\">\n\t\t\t\t<div class=\"elementor-widget-container\">\n\t\t\t\t\t\t\t\t\t<p class=\"p1\" style=\"margin-bottom: 0px; text-align: center; font-variant-numeric: normal; font-variant-east-asian: normal; font-stretch: normal; font-size: 12px; line-height: normal; font-family: 'Helvetica Neue'; color: #454545;\"><span style=\"font-size: 12pt;\">En cada uno de los cuentos narrados se ir\u00e1n topando tem\u00e1ticas como la solidaridad, (PADRE AMAURU )<span class=\"Apple-converted-space\">\u00a0 <\/span>la valent\u00eda y autoestima, (EL CONEJO FORZUDO), la voluntad (el zorro y el c\u00f3ndor ), la unidad ( De como la Jirafa enmudecido).<\/span><\/p><p class=\"p2\" style=\"margin-bottom: 0px; font-variant-numeric: normal; font-variant-east-asian: normal; font-stretch: normal; font-size: 12px; line-height: normal; font-family: 'Helvetica Neue'; color: #454545; min-height: 14px;\">\u00a0<\/p>\t\t\t\t\t\t\t\t<\/div>\n\t\t\t\t<\/div>\n\t\t\t\t\t<\/div>\n\t\t<\/div>\n\t\t\t\t<div class=\"elementor-column elementor-col-66 elementor-top-column elementor-element elementor-element-85c5118\" data-id=\"85c5118\" data-element_type=\"column\">\n\t\t\t<div class=\"elementor-widget-wrap elementor-element-populated\">\n\t\t\t\t\t\t<div class=\"elementor-element elementor-element-a70c8eb elementor-widget elementor-widget-image\" data-id=\"a70c8eb\" data-element_type=\"widget\" data-widget_type=\"image.default\">\n\t\t\t\t<div class=\"elementor-widget-container\">\n\t\t\t\t\t\t\t\t\t\t\t\t\t\t\t<img loading=\"lazy\" decoding=\"async\" width=\"512\" height=\"200\" src=\"https:\/\/fundacioncactusazul.org\/FITIJ\/wp-content\/uploads\/2020\/06\/la-lagartija-esther-4.png\" class=\"attachment-large size-large wp-image-2326\" alt=\"\" srcset=\"https:\/\/fundacioncactusazul.org\/FITIJ\/wp-content\/uploads\/2020\/06\/la-lagartija-esther-4.png 512w, https:\/\/fundacioncactusazul.org\/FITIJ\/wp-content\/uploads\/2020\/06\/la-lagartija-esther-4-300x117.png 300w\" sizes=\"100vw\" \/>\t\t\t\t\t\t\t\t\t\t\t\t\t\t\t<\/div>\n\t\t\t\t<\/div>\n\t\t\t\t\t<\/div>\n\t\t<\/div>\n\t\t\t\t\t<\/div>\n\t\t<\/section>\n\t\t\t\t<section class=\"elementor-section elementor-top-section elementor-element elementor-element-24de099 elementor-section-boxed elementor-section-height-default elementor-section-height-default\" data-id=\"24de099\" data-element_type=\"section\">\n\t\t\t\t\t\t<div class=\"elementor-container elementor-column-gap-default\">\n\t\t\t\t\t<div class=\"elementor-column elementor-col-100 elementor-top-column elementor-element elementor-element-e3beb90\" data-id=\"e3beb90\" data-element_type=\"column\">\n\t\t\t<div class=\"elementor-widget-wrap elementor-element-populated\">\n\t\t\t\t\t\t<div class=\"elementor-element elementor-element-81170cf elementor-widget elementor-widget-image\" data-id=\"81170cf\" data-element_type=\"widget\" data-widget_type=\"image.default\">\n\t\t\t\t<div class=\"elementor-widget-container\">\n\t\t\t\t\t\t\t\t\t\t\t\t\t\t\t<img fetchpriority=\"high\" decoding=\"async\" width=\"950\" height=\"139\" src=\"https:\/\/fundacioncactusazul.org\/FITIJ\/wp-content\/uploads\/2020\/06\/la-lagartija-esther-1024x150.png\" class=\"attachment-large size-large wp-image-2317\" alt=\"\" srcset=\"https:\/\/fundacioncactusazul.org\/FITIJ\/wp-content\/uploads\/2020\/06\/la-lagartija-esther.png 1024w, https:\/\/fundacioncactusazul.org\/FITIJ\/wp-content\/uploads\/2020\/06\/la-lagartija-esther-300x44.png 300w, https:\/\/fundacioncactusazul.org\/FITIJ\/wp-content\/uploads\/2020\/06\/la-lagartija-esther-768x113.png 768w\" sizes=\"100vw\" \/>\t\t\t\t\t\t\t\t\t\t\t\t\t\t\t<\/div>\n\t\t\t\t<\/div>\n\t\t\t\t\t<\/div>\n\t\t<\/div>\n\t\t\t\t\t<\/div>\n\t\t<\/section>\n\t\t\t\t<\/div>\n\t\t","protected":false},"excerpt":{"rendered":"<p>LA LAGARTIJA ESTHER \u00a0 SIN\u00d3PSIS. Ester, es una peque\u00f1a lagartija morada de 10 cent\u00edmetros de largo, sobre su lomo, adorn\u00e1ndola sim\u00e9tricamente, unas hermosas y visibles manchas color tomates forman un hermoso campo florido, en el centro de aquellos figuras un peque\u00f1o punto blanco, regalo hecho por el gran creador le da su toque misterioso y &hellip; <\/p>\n<p class=\"link-more\"><a href=\"https:\/\/fundacioncactusazul.org\/FITIJ\/la-lagartija-esther-3\/\" class=\"more-link\">Leer m\u00e1s<span class=\"screen-reader-text\"> \u00abLA LAGARTIJA ESTHER\u00bb<\/span><\/a><\/p>\n","protected":false},"author":1,"featured_media":0,"parent":0,"menu_order":0,"comment_status":"closed","ping_status":"closed","template":"","meta":{"footnotes":"","_links_to":"","_links_to_target":""},"class_list":["post-2192","page","type-page","status-publish","hentry"],"_links":{"self":[{"href":"https:\/\/fundacioncactusazul.org\/FITIJ\/wp-json\/wp\/v2\/pages\/2192","targetHints":{"allow":["GET"]}}],"collection":[{"href":"https:\/\/fundacioncactusazul.org\/FITIJ\/wp-json\/wp\/v2\/pages"}],"about":[{"href":"https:\/\/fundacioncactusazul.org\/FITIJ\/wp-json\/wp\/v2\/types\/page"}],"author":[{"embeddable":true,"href":"https:\/\/fundacioncactusazul.org\/FITIJ\/wp-json\/wp\/v2\/users\/1"}],"replies":[{"embeddable":true,"href":"https:\/\/fundacioncactusazul.org\/FITIJ\/wp-json\/wp\/v2\/comments?post=2192"}],"version-history":[{"count":20,"href":"https:\/\/fundacioncactusazul.org\/FITIJ\/wp-json\/wp\/v2\/pages\/2192\/revisions"}],"predecessor-version":[{"id":7800,"href":"https:\/\/fundacioncactusazul.org\/FITIJ\/wp-json\/wp\/v2\/pages\/2192\/revisions\/7800"}],"wp:attachment":[{"href":"https:\/\/fundacioncactusazul.org\/FITIJ\/wp-json\/wp\/v2\/media?parent=2192"}],"curies":[{"name":"wp","href":"https:\/\/api.w.org\/{rel}","templated":true}]}}